{"id":385,"date":"2019-09-11T17:27:23","date_gmt":"2019-09-11T15:27:23","guid":{"rendered":"http:\/\/mathplus.tourmu.fr\/?page_id=385"},"modified":"2026-04-23T15:43:55","modified_gmt":"2026-04-23T13:43:55","slug":"cours-1spe","status":"publish","type":"page","link":"https:\/\/mathplus.tourmu.fr\/?page_id=385","title":{"rendered":"Cours 2nde 4"},"content":{"rendered":"\n<div data-wp-interactive=\"core\/file\" class=\"wp-block-file\"><object data-wp-bind--hidden=\"!state.hasPdfPreview\" hidden class=\"wp-block-file__embed\" data=\"https:\/\/mathplus.tourmu.fr\/wp-content\/uploads\/2026\/04\/1_2nde_Ch8_Les_fonctions_carre_inverse_racine-et-cube_prof_2425.pdf\" type=\"application\/pdf\" style=\"width:100%;height:200px\" aria-label=\"Contenu embarqu\u00e9 Ch8 Les fonctions carr\u00e9, inverse, racine carr\u00e9e et cube cours compl\u00e9t\u00e9.\"><\/object><a id=\"wp-block-file--media-85987f33-ed24-4e35-93f9-867bae079c5f\" href=\"https:\/\/mathplus.tourmu.fr\/wp-content\/uploads\/2026\/04\/1_2nde_Ch8_Les_fonctions_carre_inverse_racine-et-cube_prof_2425.pdf\">Ch8 Les fonctions carr\u00e9, inverse, racine carr\u00e9e et cube cours compl\u00e9t\u00e9<\/a><a href=\"https:\/\/mathplus.tourmu.fr\/wp-content\/uploads\/2026\/04\/1_2nde_Ch8_Les_fonctions_carre_inverse_racine-et-cube_prof_2425.pdf\" class=\"wp-block-file__button wp-element-button\" download aria-describedby=\"wp-block-file--media-85987f33-ed24-4e35-93f9-867bae079c5f\">T\u00e9l\u00e9charger<\/a><\/div>\n\n\n\n<div data-wp-interactive=\"core\/file\" class=\"wp-block-file\"><object data-wp-bind--hidden=\"!state.hasPdfPreview\" hidden class=\"wp-block-file__embed\" data=\"https:\/\/mathplus.tourmu.fr\/wp-content\/uploads\/2026\/03\/1_2nde_Ch8_Les_fonctions_carre_inverse_racine-et-cube_eleves_2425.pdf\" type=\"application\/pdf\" style=\"width:100%;height:200px\" aria-label=\"Contenu embarqu\u00e9 Ch8 Les fonctions carr\u00e9, inverse, racine carr\u00e9e et cube cours \u00e9l\u00e8ve.\"><\/object><a id=\"wp-block-file--media-20975716-c7b2-4795-911e-1aa9f49132d1\" href=\"https:\/\/mathplus.tourmu.fr\/wp-content\/uploads\/2026\/03\/1_2nde_Ch8_Les_fonctions_carre_inverse_racine-et-cube_eleves_2425.pdf\">Ch8 Les fonctions carr\u00e9, inverse, racine carr\u00e9e et cube cours \u00e9l\u00e8ve<\/a><a href=\"https:\/\/mathplus.tourmu.fr\/wp-content\/uploads\/2026\/03\/1_2nde_Ch8_Les_fonctions_carre_inverse_racine-et-cube_eleves_2425.pdf\" class=\"wp-block-file__button wp-element-button\" download aria-describedby=\"wp-block-file--media-20975716-c7b2-4795-911e-1aa9f49132d1\">T\u00e9l\u00e9charger<\/a><\/div>\n\n\n\n<div data-wp-interactive=\"core\/file\" class=\"wp-block-file\"><object data-wp-bind--hidden=\"!state.hasPdfPreview\" hidden class=\"wp-block-file__embed\" data=\"https:\/\/mathplus.tourmu.fr\/wp-content\/uploads\/2026\/03\/1_Ch7-Equations-de-droites_Systemes-lineaires_prof_2526.pdf\" type=\"application\/pdf\" style=\"width:100%;height:200px\" aria-label=\"Contenu embarqu\u00e9 Ch7 Equations de droites-Syst\u00e8mes lin\u00e9aires cours compl\u00e9t\u00e9.\"><\/object><a id=\"wp-block-file--media-f0edde08-2bb1-48f0-a8f9-86303c764b3e\" href=\"https:\/\/mathplus.tourmu.fr\/wp-content\/uploads\/2026\/03\/1_Ch7-Equations-de-droites_Systemes-lineaires_prof_2526.pdf\">Ch7 Equations de droites-Syst\u00e8mes lin\u00e9aires cours compl\u00e9t\u00e9<\/a><a href=\"https:\/\/mathplus.tourmu.fr\/wp-content\/uploads\/2026\/03\/1_Ch7-Equations-de-droites_Systemes-lineaires_prof_2526.pdf\" class=\"wp-block-file__button wp-element-button\" download aria-describedby=\"wp-block-file--media-f0edde08-2bb1-48f0-a8f9-86303c764b3e\">T\u00e9l\u00e9charger<\/a><\/div>\n\n\n\n<div data-wp-interactive=\"core\/file\" class=\"wp-block-file\"><object data-wp-bind--hidden=\"!state.hasPdfPreview\" hidden class=\"wp-block-file__embed\" data=\"https:\/\/mathplus.tourmu.fr\/wp-content\/uploads\/2026\/01\/1_Ch7-Equations-de-droites_Systemes-lineaires_eleve_2425.pdf\" type=\"application\/pdf\" style=\"width:100%;height:200px\" aria-label=\"Contenu embarqu\u00e9 Ch7 Equations de droites-Syst\u00e8mes lin\u00e9aires cours \u00e9l\u00e8ve.\"><\/object><a id=\"wp-block-file--media-2f441c11-04bc-486e-8bcc-bd15677fc0c0\" href=\"https:\/\/mathplus.tourmu.fr\/wp-content\/uploads\/2026\/01\/1_Ch7-Equations-de-droites_Systemes-lineaires_eleve_2425.pdf\">Ch7 Equations de droites-Syst\u00e8mes lin\u00e9aires cours \u00e9l\u00e8ve<\/a><a href=\"https:\/\/mathplus.tourmu.fr\/wp-content\/uploads\/2026\/01\/1_Ch7-Equations-de-droites_Systemes-lineaires_eleve_2425.pdf\" class=\"wp-block-file__button wp-element-button\" download aria-describedby=\"wp-block-file--media-2f441c11-04bc-486e-8bcc-bd15677fc0c0\">T\u00e9l\u00e9charger<\/a><\/div>\n\n\n\n<div data-wp-interactive=\"core\/file\" class=\"wp-block-file\"><object data-wp-bind--hidden=\"!state.hasPdfPreview\" hidden class=\"wp-block-file__embed\" data=\"https:\/\/mathplus.tourmu.fr\/wp-content\/uploads\/2026\/01\/1_2nde_Pourcentages_evolutions_cours_complete.pdf\" type=\"application\/pdf\" style=\"width:100%;height:200px\" aria-label=\"Contenu embarqu\u00e9 Ch6 Pourcentages et \u00e9volutions cours compl\u00e9t\u00e9.\"><\/object><a id=\"wp-block-file--media-e63dcf82-c547-4c1a-a576-e399c7580b7e\" href=\"https:\/\/mathplus.tourmu.fr\/wp-content\/uploads\/2026\/01\/1_2nde_Pourcentages_evolutions_cours_complete.pdf\">Ch6 Pourcentages et \u00e9volutions cours compl\u00e9t\u00e9<\/a><a href=\"https:\/\/mathplus.tourmu.fr\/wp-content\/uploads\/2026\/01\/1_2nde_Pourcentages_evolutions_cours_complete.pdf\" class=\"wp-block-file__button wp-element-button\" download aria-describedby=\"wp-block-file--media-e63dcf82-c547-4c1a-a576-e399c7580b7e\">T\u00e9l\u00e9charger<\/a><\/div>\n\n\n\n<div data-wp-interactive=\"core\/file\" class=\"wp-block-file\"><object data-wp-bind--hidden=\"!state.hasPdfPreview\" hidden class=\"wp-block-file__embed\" data=\"https:\/\/mathplus.tourmu.fr\/wp-content\/uploads\/2026\/01\/1_2nde_Pourcentages_evolutions_cours_eleve_2526.pdf\" type=\"application\/pdf\" style=\"width:100%;height:200px\" aria-label=\"Contenu embarqu\u00e9 Ch6 Pourcentages et \u00e9volutions cours \u00e9l\u00e8ve.\"><\/object><a id=\"wp-block-file--media-9cc4810b-e2e2-4a10-a7ea-8eb89960d12a\" href=\"https:\/\/mathplus.tourmu.fr\/wp-content\/uploads\/2026\/01\/1_2nde_Pourcentages_evolutions_cours_eleve_2526.pdf\">Ch6 Pourcentages et \u00e9volutions cours \u00e9l\u00e8ve<\/a><a href=\"https:\/\/mathplus.tourmu.fr\/wp-content\/uploads\/2026\/01\/1_2nde_Pourcentages_evolutions_cours_eleve_2526.pdf\" class=\"wp-block-file__button wp-element-button\" download aria-describedby=\"wp-block-file--media-9cc4810b-e2e2-4a10-a7ea-8eb89960d12a\">T\u00e9l\u00e9charger<\/a><\/div>\n\n\n\n<div data-wp-interactive=\"core\/file\" class=\"wp-block-file\"><object data-wp-bind--hidden=\"!state.hasPdfPreview\" hidden class=\"wp-block-file__embed\" data=\"https:\/\/mathplus.tourmu.fr\/wp-content\/uploads\/2026\/01\/Ch5-Vecteurs-et-coordonnees-cours-prof-2025-2026.pdf\" type=\"application\/pdf\" style=\"width:100%;height:200px\" aria-label=\"Contenu embarqu\u00e9 Ch5 Vecteurs et coordonn\u00e9es cours compl\u00e9t\u00e9.\"><\/object><a id=\"wp-block-file--media-2fd5f7c8-33f3-4c92-a162-bf58bd71a347\" href=\"https:\/\/mathplus.tourmu.fr\/wp-content\/uploads\/2026\/01\/Ch5-Vecteurs-et-coordonnees-cours-prof-2025-2026.pdf\">Ch5 Vecteurs et coordonn\u00e9es cours compl\u00e9t\u00e9<\/a><a href=\"https:\/\/mathplus.tourmu.fr\/wp-content\/uploads\/2026\/01\/Ch5-Vecteurs-et-coordonnees-cours-prof-2025-2026.pdf\" class=\"wp-block-file__button wp-element-button\" download aria-describedby=\"wp-block-file--media-2fd5f7c8-33f3-4c92-a162-bf58bd71a347\">T\u00e9l\u00e9charger<\/a><\/div>\n\n\n\n<div data-wp-interactive=\"core\/file\" class=\"wp-block-file\"><object data-wp-bind--hidden=\"!state.hasPdfPreview\" hidden class=\"wp-block-file__embed\" data=\"https:\/\/mathplus.tourmu.fr\/wp-content\/uploads\/2025\/12\/1_2nde_Ch4_Les_fonctions_affines_prof_2526.pdf\" type=\"application\/pdf\" style=\"width:100%;height:200px\" aria-label=\"Contenu embarqu\u00e9 Ch4 Les fonctions affines cours compl\u00e9t\u00e9.\"><\/object><a id=\"wp-block-file--media-e8d3ec98-7c17-46a8-9f39-00c10426ab6d\" href=\"https:\/\/mathplus.tourmu.fr\/wp-content\/uploads\/2025\/12\/1_2nde_Ch4_Les_fonctions_affines_prof_2526.pdf\">Ch4 Les fonctions affines cours compl\u00e9t\u00e9<\/a><a href=\"https:\/\/mathplus.tourmu.fr\/wp-content\/uploads\/2025\/12\/1_2nde_Ch4_Les_fonctions_affines_prof_2526.pdf\" class=\"wp-block-file__button wp-element-button\" download aria-describedby=\"wp-block-file--media-e8d3ec98-7c17-46a8-9f39-00c10426ab6d\">T\u00e9l\u00e9charger<\/a><\/div>\n\n\n\n<div data-wp-interactive=\"core\/file\" class=\"wp-block-file\"><object data-wp-bind--hidden=\"!state.hasPdfPreview\" hidden class=\"wp-block-file__embed\" data=\"https:\/\/mathplus.tourmu.fr\/wp-content\/uploads\/2025\/11\/1_2nde_Ch4_Les_fonctions_affines_eleve_2526.pdf\" type=\"application\/pdf\" style=\"width:100%;height:200px\" aria-label=\"Contenu embarqu\u00e9 Ch4 Les fonctions affines cours \u00e9l\u00e8ve .\"><\/object><a id=\"wp-block-file--media-d5c39766-c178-4128-80b7-2a57db307e39\" href=\"https:\/\/mathplus.tourmu.fr\/wp-content\/uploads\/2025\/11\/1_2nde_Ch4_Les_fonctions_affines_eleve_2526.pdf\">Ch4 Les fonctions affines cours \u00e9l\u00e8ve <\/a><a href=\"https:\/\/mathplus.tourmu.fr\/wp-content\/uploads\/2025\/11\/1_2nde_Ch4_Les_fonctions_affines_eleve_2526.pdf\" class=\"wp-block-file__button wp-element-button\" download aria-describedby=\"wp-block-file--media-d5c39766-c178-4128-80b7-2a57db307e39\">T\u00e9l\u00e9charger<\/a><\/div>\n\n\n\n<div data-wp-interactive=\"core\/file\" class=\"wp-block-file\"><object data-wp-bind--hidden=\"!state.hasPdfPreview\" hidden class=\"wp-block-file__embed\" data=\"https:\/\/mathplus.tourmu.fr\/wp-content\/uploads\/2025\/11\/1-Ch3-Vecteurs-et-translations-prof-2526.pdf\" type=\"application\/pdf\" style=\"width:100%;height:200px\" aria-label=\"Contenu embarqu\u00e9 Ch3 Vecteurs et translations cours compl\u00e9t\u00e9.\"><\/object><a id=\"wp-block-file--media-ac71c20d-3706-40bd-b238-036592bcb7ed\" href=\"https:\/\/mathplus.tourmu.fr\/wp-content\/uploads\/2025\/11\/1-Ch3-Vecteurs-et-translations-prof-2526.pdf\">Ch3 Vecteurs et translations cours compl\u00e9t\u00e9<\/a><a href=\"https:\/\/mathplus.tourmu.fr\/wp-content\/uploads\/2025\/11\/1-Ch3-Vecteurs-et-translations-prof-2526.pdf\" class=\"wp-block-file__button wp-element-button\" download aria-describedby=\"wp-block-file--media-ac71c20d-3706-40bd-b238-036592bcb7ed\">T\u00e9l\u00e9charger<\/a><\/div>\n\n\n\n<div data-wp-interactive=\"core\/file\" class=\"wp-block-file\"><object data-wp-bind--hidden=\"!state.hasPdfPreview\" hidden class=\"wp-block-file__embed\" data=\"https:\/\/mathplus.tourmu.fr\/wp-content\/uploads\/2025\/11\/1-Ch3-Vecteurs-et-translations-eleve-2526.pdf\" type=\"application\/pdf\" style=\"width:100%;height:200px\" aria-label=\"Contenu embarqu\u00e9 Ch3 Vecteurs et translations cours \u00e9l\u00e8ve .\"><\/object><a id=\"wp-block-file--media-4eb83927-9d92-4649-9eaa-8c202786d891\" href=\"https:\/\/mathplus.tourmu.fr\/wp-content\/uploads\/2025\/11\/1-Ch3-Vecteurs-et-translations-eleve-2526.pdf\">Ch3 Vecteurs et translations cours \u00e9l\u00e8ve <\/a><a href=\"https:\/\/mathplus.tourmu.fr\/wp-content\/uploads\/2025\/11\/1-Ch3-Vecteurs-et-translations-eleve-2526.pdf\" class=\"wp-block-file__button wp-element-button\" download aria-describedby=\"wp-block-file--media-4eb83927-9d92-4649-9eaa-8c202786d891\">T\u00e9l\u00e9charger<\/a><\/div>\n\n\n\n<div data-wp-interactive=\"core\/file\" class=\"wp-block-file\"><object data-wp-bind--hidden=\"!state.hasPdfPreview\" hidden class=\"wp-block-file__embed\" data=\"https:\/\/mathplus.tourmu.fr\/wp-content\/uploads\/2025\/10\/1_Ch2-Generalites-sur-les-fct-cours-prof-2526.pdf\" type=\"application\/pdf\" style=\"width:100%;height:200px\" aria-label=\"Contenu embarqu\u00e9 Ch2 G\u00e9n\u00e9ralit\u00e9s sur les fonctions cours compl\u00e9t\u00e9.\"><\/object><a id=\"wp-block-file--media-0564cec6-c69c-4b0b-9c52-5ed73555e0be\" href=\"https:\/\/mathplus.tourmu.fr\/wp-content\/uploads\/2025\/10\/1_Ch2-Generalites-sur-les-fct-cours-prof-2526.pdf\">Ch2 G\u00e9n\u00e9ralit\u00e9s sur les fonctions cours compl\u00e9t\u00e9<\/a><a href=\"https:\/\/mathplus.tourmu.fr\/wp-content\/uploads\/2025\/10\/1_Ch2-Generalites-sur-les-fct-cours-prof-2526.pdf\" class=\"wp-block-file__button wp-element-button\" download aria-describedby=\"wp-block-file--media-0564cec6-c69c-4b0b-9c52-5ed73555e0be\">T\u00e9l\u00e9charger<\/a><\/div>\n\n\n\n<div data-wp-interactive=\"core\/file\" class=\"wp-block-file\"><object data-wp-bind--hidden=\"!state.hasPdfPreview\" hidden class=\"wp-block-file__embed\" data=\"https:\/\/mathplus.tourmu.fr\/wp-content\/uploads\/2025\/10\/1_Ch2-Generalites-sur-les-fct-cours-eleve-2526.pdf\" type=\"application\/pdf\" style=\"width:100%;height:230px\" aria-label=\"Contenu embarqu\u00e9 Ch2 G\u00e9n\u00e9ralit\u00e9s sur les fonctions cours \u00e9l\u00e8ve.\"><\/object><a id=\"wp-block-file--media-d154391b-d7c2-4913-bcea-1707fb1fe971\" href=\"https:\/\/mathplus.tourmu.fr\/wp-content\/uploads\/2025\/10\/1_Ch2-Generalites-sur-les-fct-cours-eleve-2526.pdf\">Ch2 G\u00e9n\u00e9ralit\u00e9s sur les fonctions cours \u00e9l\u00e8ve<\/a><a href=\"https:\/\/mathplus.tourmu.fr\/wp-content\/uploads\/2025\/10\/1_Ch2-Generalites-sur-les-fct-cours-eleve-2526.pdf\" class=\"wp-block-file__button wp-element-button\" download aria-describedby=\"wp-block-file--media-d154391b-d7c2-4913-bcea-1707fb1fe971\">T\u00e9l\u00e9charger<\/a><\/div>\n\n\n\n<div data-wp-interactive=\"core\/file\" class=\"wp-block-file\"><object data-wp-bind--hidden=\"!state.hasPdfPreview\" hidden class=\"wp-block-file__embed\" data=\"https:\/\/mathplus.tourmu.fr\/wp-content\/uploads\/2025\/09\/1_Ch1-Ens-nb_Intervalles_Arithmetique_prof_2526.pdf\" type=\"application\/pdf\" style=\"width:100%;height:200px\" aria-label=\"Contenu embarqu\u00e9 Chapitre1 Ensembles de nombres_Arithm\u00e9tique_Intervalles_cours_compl\u00e9t\u00e9.\"><\/object><a id=\"wp-block-file--media-836255db-0f53-408c-bf4c-f3c079095b2c\" href=\"https:\/\/mathplus.tourmu.fr\/wp-content\/uploads\/2025\/09\/1_Ch1-Ens-nb_Intervalles_Arithmetique_prof_2526.pdf\">Chapitre1 Ensembles de nombres_Arithm\u00e9tique_Intervalles_cours_compl\u00e9t\u00e9<\/a><a href=\"https:\/\/mathplus.tourmu.fr\/wp-content\/uploads\/2025\/09\/1_Ch1-Ens-nb_Intervalles_Arithmetique_prof_2526.pdf\" class=\"wp-block-file__button wp-element-button\" download aria-describedby=\"wp-block-file--media-836255db-0f53-408c-bf4c-f3c079095b2c\">T\u00e9l\u00e9charger<\/a><\/div>\n\n\n\n<div data-wp-interactive=\"core\/file\" class=\"wp-block-file\"><object data-wp-bind--hidden=\"!state.hasPdfPreview\" hidden class=\"wp-block-file__embed\" data=\"https:\/\/mathplus.tourmu.fr\/wp-content\/uploads\/2025\/09\/1_Ch1-Ens-nb_Intervalles_Arithmetique_eleve_2526.pdf\" type=\"application\/pdf\" style=\"width:100%;height:200px\" aria-label=\"Contenu embarqu\u00e9 Chapitre1 Ensembles de nombres_Arithm\u00e9tique_Intervalles_cours_\u00e9l\u00e8ve.\"><\/object><a id=\"wp-block-file--media-2b4bc699-d450-4b65-8e8c-799c8f007e9c\" href=\"https:\/\/mathplus.tourmu.fr\/wp-content\/uploads\/2025\/09\/1_Ch1-Ens-nb_Intervalles_Arithmetique_eleve_2526.pdf\">Chapitre1 Ensembles de nombres_Arithm\u00e9tique_Intervalles_cours_\u00e9l\u00e8ve<\/a><a href=\"https:\/\/mathplus.tourmu.fr\/wp-content\/uploads\/2025\/09\/1_Ch1-Ens-nb_Intervalles_Arithmetique_eleve_2526.pdf\" class=\"wp-block-file__button wp-element-button\" download aria-describedby=\"wp-block-file--media-2b4bc699-d450-4b65-8e8c-799c8f007e9c\">T\u00e9l\u00e9charger<\/a><\/div>\n","protected":false},"excerpt":{"rendered":"","protected":false},"author":1,"featured_media":0,"parent":13,"menu_order":0,"comment_status":"closed","ping_status":"closed","template":"","meta":{"footnotes":""},"class_list":["post-385","page","type-page","status-publish","hentry"],"_links":{"self":[{"href":"https:\/\/mathplus.tourmu.fr\/index.php?rest_route=\/wp\/v2\/pages\/385","targetHints":{"allow":["GET"]}}],"collection":[{"href":"https:\/\/mathplus.tourmu.fr\/index.php?rest_route=\/wp\/v2\/pages"}],"about":[{"href":"https:\/\/mathplus.tourmu.fr\/index.php?rest_route=\/wp\/v2\/types\/page"}],"author":[{"embeddable":true,"href":"https:\/\/mathplus.tourmu.fr\/index.php?rest_route=\/wp\/v2\/users\/1"}],"replies":[{"embeddable":true,"href":"https:\/\/mathplus.tourmu.fr\/index.php?rest_route=%2Fwp%2Fv2%2Fcomments&post=385"}],"version-history":[{"count":170,"href":"https:\/\/mathplus.tourmu.fr\/index.php?rest_route=\/wp\/v2\/pages\/385\/revisions"}],"predecessor-version":[{"id":5469,"href":"https:\/\/mathplus.tourmu.fr\/index.php?rest_route=\/wp\/v2\/pages\/385\/revisions\/5469"}],"up":[{"embeddable":true,"href":"https:\/\/mathplus.tourmu.fr\/index.php?rest_route=\/wp\/v2\/pages\/13"}],"wp:attachment":[{"href":"https:\/\/mathplus.tourmu.fr\/index.php?rest_route=%2Fwp%2Fv2%2Fmedia&parent=385"}],"curies":[{"name":"wp","href":"https:\/\/api.w.org\/{rel}","templated":true}]}}